{"id":752,"date":"2025-01-23T02:15:39","date_gmt":"2025-01-23T02:15:39","guid":{"rendered":"https:\/\/www.teiskonen.com\/tuote\/helicopter-transport-on-sat-august-2\/"},"modified":"2026-03-09T09:31:07","modified_gmt":"2026-03-09T07:31:07","slug":"helicopter-transport-on-sat-august-1","status":"publish","type":"product","link":"https:\/\/www.teiskonen.com\/en\/tuote\/helicopter-transport-on-sat-august-1\/","title":{"rendered":"Helicopter transport on Sat, August 1"},"content":{"rendered":"<div class=\"wpb-content-wrapper\">[mk_page_section min_height=&#8221;45&#8243; section_id=&#8221;aikataulu&#8221; sidebar=&#8221;sidebar-1&#8243;][vc_column][mk_padding_divider size=&#8221;60&#8243;][vc_column_text margin_bottom=&#8221;0&#8243; css=&#8221;.vc_custom_1765450196181{margin-bottom: 0px !important;}&#8221;]\n<h3>Schedule Saturday, August 1<\/h3>\n[\/vc_column_text][mk_padding_divider size=&#8221;15&#8243;][\/vc_column][\/mk_page_section][vc_row][vc_column width=&#8221;1\/4&#8243;][vc_column_text css=&#8221;.vc_custom_1750918463945{margin-bottom: 0px !important;}&#8221;]<b>VIP WHOLE DAY<\/b><\/p>\n<table class=\"aikataulu\">\n<tbody>\n<tr>\n<td>6:30<\/td>\n<td>Departure from Jyv\u00e4skyl\u00e4 by bus<\/td>\n<\/tr>\n<tr>\n<td>7:15<\/td>\n<td>Arrival at the special stage<br \/>\nBreakfast<\/td>\n<\/tr>\n<tr>\n<td class=\"kopteritd\">7:30<\/td>\n<td class=\"kopteritd\">Helicopter flights depart from Jyv\u00e4skyl\u00e4<\/td>\n<\/tr>\n<tr>\n<td>8:01<\/td>\n<td>WRC cars on the stage<\/td>\n<\/tr>\n<tr>\n<td>11:00<\/td>\n<td>Vetomies competitors on the stage<\/td>\n<\/tr>\n<tr>\n<td>12:30<\/td>\n<td>Lunch<\/td>\n<\/tr>\n<tr>\n<td>15:01<\/td>\n<td>WRC cars on the stage<\/td>\n<\/tr>\n<tr>\n<td class=\"kopteritd\">17:00<\/td>\n<td class=\"kopteritd\">Helicopter flights to Jyv\u00e4skyl\u00e4<\/td>\n<\/tr>\n<tr>\n<td>17:15<\/td>\n<td>Buses to Jyv\u00e4skyl\u00e4<\/td>\n<\/tr>\n<tr>\n<td>18:15<\/td>\n<td>Back in Jyv\u00e4skyl\u00e4<\/td>\n<\/tr>\n<\/tbody>\n<\/table>\n[\/vc_column_text][\/vc_column][vc_column width=&#8221;1\/4&#8243;][vc_column_text css=&#8221;.vc_custom_1738567776487{margin-bottom: 0px !important;}&#8221;]<b>AFTERNOON VIP<\/b><\/p>\n<table class=\"aikataulu\">\n<tbody>\n<tr>\n<td>10:00<\/td>\n<td>Departure from Tampere by bus<\/td>\n<\/tr>\n<tr>\n<td>11:30<\/td>\n<td>Departure from Jyv\u00e4skyl\u00e4 by bus<\/td>\n<\/tr>\n<tr>\n<td>12:30<\/td>\n<td>Arrival at the special stage<\/td>\n<\/tr>\n<tr>\n<td class=\"kopteritd\">13:00<\/td>\n<td class=\"kopteritd\">Helicopter flights depart from Jyv\u00e4skyl\u00e4<br \/>\nLunch<\/td>\n<\/tr>\n<tr>\n<td>15:01<\/td>\n<td>WRC cars on the stage<\/td>\n<\/tr>\n<tr>\n<td class=\"kopteritd\">17:00<\/td>\n<td class=\"kopteritd\">Helicopter flights to Jyv\u00e4skyl\u00e4<\/td>\n<\/tr>\n<tr>\n<td>17:15<\/td>\n<td>Return to Jyv\u00e4skyl\u00e4 \/ Tampere by bus<\/td>\n<\/tr>\n<tr>\n<td>18:15<\/td>\n<td>Back in Jyv\u00e4skyl\u00e4<\/td>\n<\/tr>\n<tr>\n<td>20:30<\/td>\n<td>Back in Tampere<\/td>\n<\/tr>\n<\/tbody>\n<\/table>\n[\/vc_column_text][\/vc_column][vc_column width=&#8221;1\/4&#8243;][vc_column_text css=&#8221;.vc_custom_1737598068386{margin-bottom: 0px !important;}&#8221;]<b>OUTBOUND JOURNEY BY BOAT<\/b><\/p>\n<table class=\"aikataulu\">\n<tbody>\n<tr>\n<td>10:00<\/td>\n<td>Departure from the Jyv\u00e4skyl\u00e4 Harbor<br \/>\nCruise to K\u00e4rkistensalmi in Korpilahti<\/td>\n<\/tr>\n<tr>\n<td>13:00<\/td>\n<td>Arrival at the special stage<br \/>\nLunch<\/td>\n<\/tr>\n<tr>\n<td>15:01<\/td>\n<td>WRC cars on the stage<\/td>\n<\/tr>\n<tr>\n<td>17:15<\/td>\n<td>Return to Jyv\u00e4skyl\u00e4 by bus<\/td>\n<\/tr>\n<tr>\n<td>18:15<\/td>\n<td>Back in Jyv\u00e4skyl\u00e4<\/td>\n<\/tr>\n<\/tbody>\n<\/table>\n<p>&nbsp;<\/p>\n[\/vc_column_text][\/vc_column][vc_column width=&#8221;1\/4&#8243;][vc_column_text css=&#8221;.vc_custom_1737598255434{margin-bottom: 0px !important;}&#8221;]<b>RETURN JOURNEY BY BOAT<\/b><\/p>\n<table class=\"aikataulu\">\n<tbody>\n<tr>\n<td>11:30<\/td>\n<td>Departure from Jyv\u00e4skyl\u00e4 by bus<\/td>\n<\/tr>\n<tr>\n<td>12:30<\/td>\n<td>Arrival at the special stage<br \/>\nLunch<\/td>\n<\/tr>\n<tr>\n<td>15:01<\/td>\n<td>WRC cars on the stage<\/td>\n<\/tr>\n<tr>\n<td>17:15<\/td>\n<td>Transfer to the boat by bus<\/td>\n<\/tr>\n<tr>\n<td>18:00<\/td>\n<td>Cruise from K\u00e4rkistensalmi to Jyv\u00e4skyl\u00e4<\/td>\n<\/tr>\n<tr>\n<td>20:30<\/td>\n<td>Back in Jyv\u00e4skyl\u00e4<\/td>\n<\/tr>\n<\/tbody>\n<\/table>\n[\/vc_column_text][\/vc_column][\/vc_row]\n<\/div>","protected":false},"excerpt":{"rendered":"<p>Buy a helicopter flight to Saturday&#8217;s VIP area. If you have purchased the <b>FULL DAY VIP package<\/b>, select <b>MORNING FLIGHT<\/b> as the outward journey. If you have purchased the <b>afternoon VIP package<\/b>, select <b>AFTERNOON FLIGHT<\/b> as the outward journey.<\/p>\n<p><strong>PRICE:<\/strong> \u20ac400 + VAT 13,5% \/ person \/ direction<\/p>\n<p><b>FLIGHT SCHEDULES:<\/b><br \/>\n07.30 Morning flight: Jyv\u00e4skyl\u00e4 &gt; Teiskonen VIP<br \/>\n13.00 Afternoon flight: Jyv\u00e4skyl\u00e4 &gt; Teiskonen VIP<br \/>\n17.00 Return flight: Teiskonen VIP &gt; Jyv\u00e4skyl\u00e4<\/p>\n<p>Note. The flight ticket does not include a ticket to the VIP area.<\/p>\n<p><a style=\"text-decoration: underline;\" href=\"#aikataulu\"><strong>Schedules at the bottom of the page!<\/strong><\/a><\/p>\n","protected":false},"featured_media":618,"template":"","meta":[],"product_brand":[],"product_cat":[30],"product_tag":[],"class_list":{"0":"post-752","1":"product","2":"type-product","3":"status-publish","4":"has-post-thumbnail","6":"product_cat-vip-transport","8":"first","9":"instock","10":"virtual","11":"taxable","12":"purchasable","13":"product-type-simple"},"yoast_head":"<!-- This site is optimized with the Yoast SEO plugin v27.5 - https:\/\/yoast.com\/product\/yoast-seo-wordpress\/ -->\n<title>Helicopter transport on Sat, August 1 - Teiskonen VIP<\/title>\n<meta name=\"robots\" content=\"index, follow, max-snippet:-1, max-image-preview:large, max-video-preview:-1\" \/>\n<link rel=\"canonical\" href=\"https:\/\/www.teiskonen.com\/en\/tuote\/helicopter-transport-on-sat-august-1\/\" \/>\n<meta property=\"og:locale\" content=\"en_US\" \/>\n<meta property=\"og:type\" content=\"article\" \/>\n<meta property=\"og:title\" content=\"Helicopter transport on Sat, August 1 - Teiskonen VIP\" \/>\n<meta property=\"og:description\" content=\"Buy a helicopter flight to Saturday&#039;s VIP area. If you have purchased the FULL DAY VIP package, select MORNING FLIGHT as the outward journey. If you have purchased the afternoon VIP package, select AFTERNOON FLIGHT as the outward journey.  PRICE: \u20ac400 + VAT 13,5% \/ person \/ direction  FLIGHT SCHEDULES: 07.30 Morning flight: Jyv\u00e4skyl\u00e4 &gt; Teiskonen VIP 13.00 Afternoon flight: Jyv\u00e4skyl\u00e4 &gt; Teiskonen VIP 17.00 Return flight: Teiskonen VIP &gt; Jyv\u00e4skyl\u00e4  Note. The flight ticket does not include a ticket to the VIP area.  Schedules at the bottom of the page!\" \/>\n<meta property=\"og:url\" content=\"https:\/\/www.teiskonen.com\/en\/tuote\/helicopter-transport-on-sat-august-1\/\" \/>\n<meta property=\"og:site_name\" content=\"Teiskonen VIP\" \/>\n<meta property=\"article:modified_time\" content=\"2026-03-09T07:31:07+00:00\" \/>\n<meta property=\"og:image\" content=\"https:\/\/www.teiskonen.com\/wp-content\/uploads\/2025\/01\/teiskonen_vip_parkkola_helikopterilento.jpg\" \/>\n\t<meta property=\"og:image:width\" content=\"800\" \/>\n\t<meta property=\"og:image:height\" content=\"500\" \/>\n\t<meta property=\"og:image:type\" content=\"image\/jpeg\" \/>\n<meta name=\"twitter:card\" content=\"summary_large_image\" \/>\n<meta name=\"twitter:label1\" content=\"Est. reading time\" \/>\n\t<meta name=\"twitter:data1\" content=\"2 minutes\" \/>\n<script type=\"application\/ld+json\" class=\"yoast-schema-graph\">{\"@context\":\"https:\\\/\\\/schema.org\",\"@graph\":[{\"@type\":\"WebPage\",\"@id\":\"https:\\\/\\\/www.teiskonen.com\\\/en\\\/tuote\\\/helicopter-transport-on-sat-august-1\\\/\",\"url\":\"https:\\\/\\\/www.teiskonen.com\\\/en\\\/tuote\\\/helicopter-transport-on-sat-august-1\\\/\",\"name\":\"Helicopter transport on Sat, August 1 - Teiskonen VIP\",\"isPartOf\":{\"@id\":\"https:\\\/\\\/www.teiskonen.com\\\/#website\"},\"primaryImageOfPage\":{\"@id\":\"https:\\\/\\\/www.teiskonen.com\\\/en\\\/tuote\\\/helicopter-transport-on-sat-august-1\\\/#primaryimage\"},\"image\":{\"@id\":\"https:\\\/\\\/www.teiskonen.com\\\/en\\\/tuote\\\/helicopter-transport-on-sat-august-1\\\/#primaryimage\"},\"thumbnailUrl\":\"https:\\\/\\\/www.teiskonen.com\\\/wp-content\\\/uploads\\\/2025\\\/01\\\/teiskonen_vip_parkkola_helikopterilento.jpg\",\"datePublished\":\"2025-01-23T02:15:39+00:00\",\"dateModified\":\"2026-03-09T07:31:07+00:00\",\"breadcrumb\":{\"@id\":\"https:\\\/\\\/www.teiskonen.com\\\/en\\\/tuote\\\/helicopter-transport-on-sat-august-1\\\/#breadcrumb\"},\"inLanguage\":\"en-US\",\"potentialAction\":[{\"@type\":\"ReadAction\",\"target\":[\"https:\\\/\\\/www.teiskonen.com\\\/en\\\/tuote\\\/helicopter-transport-on-sat-august-1\\\/\"]}]},{\"@type\":\"ImageObject\",\"inLanguage\":\"en-US\",\"@id\":\"https:\\\/\\\/www.teiskonen.com\\\/en\\\/tuote\\\/helicopter-transport-on-sat-august-1\\\/#primaryimage\",\"url\":\"https:\\\/\\\/www.teiskonen.com\\\/wp-content\\\/uploads\\\/2025\\\/01\\\/teiskonen_vip_parkkola_helikopterilento.jpg\",\"contentUrl\":\"https:\\\/\\\/www.teiskonen.com\\\/wp-content\\\/uploads\\\/2025\\\/01\\\/teiskonen_vip_parkkola_helikopterilento.jpg\",\"width\":800,\"height\":500},{\"@type\":\"BreadcrumbList\",\"@id\":\"https:\\\/\\\/www.teiskonen.com\\\/en\\\/tuote\\\/helicopter-transport-on-sat-august-1\\\/#breadcrumb\",\"itemListElement\":[{\"@type\":\"ListItem\",\"position\":1,\"name\":\"Etusivu\",\"item\":\"https:\\\/\\\/www.teiskonen.com\\\/en\\\/\"},{\"@type\":\"ListItem\",\"position\":2,\"name\":\"Shop\",\"item\":\"https:\\\/\\\/www.teiskonen.com\\\/en\\\/shop\\\/\"},{\"@type\":\"ListItem\",\"position\":3,\"name\":\"Helicopter transport on Sat, August 1\"}]},{\"@type\":\"WebSite\",\"@id\":\"https:\\\/\\\/www.teiskonen.com\\\/#website\",\"url\":\"https:\\\/\\\/www.teiskonen.com\\\/\",\"name\":\"Teiskonen VIP\",\"description\":\"Maailman paras MM-ralli VIP\",\"potentialAction\":[{\"@type\":\"SearchAction\",\"target\":{\"@type\":\"EntryPoint\",\"urlTemplate\":\"https:\\\/\\\/www.teiskonen.com\\\/?s={search_term_string}\"},\"query-input\":{\"@type\":\"PropertyValueSpecification\",\"valueRequired\":true,\"valueName\":\"search_term_string\"}}],\"inLanguage\":\"en-US\"}]}<\/script>\n<!-- \/ Yoast SEO plugin. -->","yoast_head_json":{"title":"Helicopter transport on Sat, August 1 - Teiskonen VIP","robots":{"index":"index","follow":"follow","max-snippet":"max-snippet:-1","max-image-preview":"max-image-preview:large","max-video-preview":"max-video-preview:-1"},"canonical":"https:\/\/www.teiskonen.com\/en\/tuote\/helicopter-transport-on-sat-august-1\/","og_locale":"en_US","og_type":"article","og_title":"Helicopter transport on Sat, August 1 - Teiskonen VIP","og_description":"Buy a helicopter flight to Saturday's VIP area. If you have purchased the FULL DAY VIP package, select MORNING FLIGHT as the outward journey. If you have purchased the afternoon VIP package, select AFTERNOON FLIGHT as the outward journey.  PRICE: \u20ac400 + VAT 13,5% \/ person \/ direction  FLIGHT SCHEDULES: 07.30 Morning flight: Jyv\u00e4skyl\u00e4 &gt; Teiskonen VIP 13.00 Afternoon flight: Jyv\u00e4skyl\u00e4 &gt; Teiskonen VIP 17.00 Return flight: Teiskonen VIP &gt; Jyv\u00e4skyl\u00e4  Note. The flight ticket does not include a ticket to the VIP area.  Schedules at the bottom of the page!","og_url":"https:\/\/www.teiskonen.com\/en\/tuote\/helicopter-transport-on-sat-august-1\/","og_site_name":"Teiskonen VIP","article_modified_time":"2026-03-09T07:31:07+00:00","og_image":[{"width":800,"height":500,"url":"https:\/\/www.teiskonen.com\/wp-content\/uploads\/2025\/01\/teiskonen_vip_parkkola_helikopterilento.jpg","type":"image\/jpeg"}],"twitter_card":"summary_large_image","twitter_misc":{"Est. reading time":"2 minutes"},"schema":{"@context":"https:\/\/schema.org","@graph":[{"@type":"WebPage","@id":"https:\/\/www.teiskonen.com\/en\/tuote\/helicopter-transport-on-sat-august-1\/","url":"https:\/\/www.teiskonen.com\/en\/tuote\/helicopter-transport-on-sat-august-1\/","name":"Helicopter transport on Sat, August 1 - Teiskonen VIP","isPartOf":{"@id":"https:\/\/www.teiskonen.com\/#website"},"primaryImageOfPage":{"@id":"https:\/\/www.teiskonen.com\/en\/tuote\/helicopter-transport-on-sat-august-1\/#primaryimage"},"image":{"@id":"https:\/\/www.teiskonen.com\/en\/tuote\/helicopter-transport-on-sat-august-1\/#primaryimage"},"thumbnailUrl":"https:\/\/www.teiskonen.com\/wp-content\/uploads\/2025\/01\/teiskonen_vip_parkkola_helikopterilento.jpg","datePublished":"2025-01-23T02:15:39+00:00","dateModified":"2026-03-09T07:31:07+00:00","breadcrumb":{"@id":"https:\/\/www.teiskonen.com\/en\/tuote\/helicopter-transport-on-sat-august-1\/#breadcrumb"},"inLanguage":"en-US","potentialAction":[{"@type":"ReadAction","target":["https:\/\/www.teiskonen.com\/en\/tuote\/helicopter-transport-on-sat-august-1\/"]}]},{"@type":"ImageObject","inLanguage":"en-US","@id":"https:\/\/www.teiskonen.com\/en\/tuote\/helicopter-transport-on-sat-august-1\/#primaryimage","url":"https:\/\/www.teiskonen.com\/wp-content\/uploads\/2025\/01\/teiskonen_vip_parkkola_helikopterilento.jpg","contentUrl":"https:\/\/www.teiskonen.com\/wp-content\/uploads\/2025\/01\/teiskonen_vip_parkkola_helikopterilento.jpg","width":800,"height":500},{"@type":"BreadcrumbList","@id":"https:\/\/www.teiskonen.com\/en\/tuote\/helicopter-transport-on-sat-august-1\/#breadcrumb","itemListElement":[{"@type":"ListItem","position":1,"name":"Etusivu","item":"https:\/\/www.teiskonen.com\/en\/"},{"@type":"ListItem","position":2,"name":"Shop","item":"https:\/\/www.teiskonen.com\/en\/shop\/"},{"@type":"ListItem","position":3,"name":"Helicopter transport on Sat, August 1"}]},{"@type":"WebSite","@id":"https:\/\/www.teiskonen.com\/#website","url":"https:\/\/www.teiskonen.com\/","name":"Teiskonen VIP","description":"Maailman paras MM-ralli VIP","potentialAction":[{"@type":"SearchAction","target":{"@type":"EntryPoint","urlTemplate":"https:\/\/www.teiskonen.com\/?s={search_term_string}"},"query-input":{"@type":"PropertyValueSpecification","valueRequired":true,"valueName":"search_term_string"}}],"inLanguage":"en-US"}]}},"_links":{"self":[{"href":"https:\/\/www.teiskonen.com\/en\/wp-json\/wp\/v2\/product\/752","targetHints":{"allow":["GET"]}}],"collection":[{"href":"https:\/\/www.teiskonen.com\/en\/wp-json\/wp\/v2\/product"}],"about":[{"href":"https:\/\/www.teiskonen.com\/en\/wp-json\/wp\/v2\/types\/product"}],"wp:featuredmedia":[{"embeddable":true,"href":"https:\/\/www.teiskonen.com\/en\/wp-json\/wp\/v2\/media\/618"}],"wp:attachment":[{"href":"https:\/\/www.teiskonen.com\/en\/wp-json\/wp\/v2\/media?parent=752"}],"wp:term":[{"taxonomy":"product_brand","embeddable":true,"href":"https:\/\/www.teiskonen.com\/en\/wp-json\/wp\/v2\/product_brand?post=752"},{"taxonomy":"product_cat","embeddable":true,"href":"https:\/\/www.teiskonen.com\/en\/wp-json\/wp\/v2\/product_cat?post=752"},{"taxonomy":"product_tag","embeddable":true,"href":"https:\/\/www.teiskonen.com\/en\/wp-json\/wp\/v2\/product_tag?post=752"}],"curies":[{"name":"wp","href":"https:\/\/api.w.org\/{rel}","templated":true}]}}